{"id":2904,"date":"2021-04-13T10:58:53","date_gmt":"2021-04-13T08:58:53","guid":{"rendered":"https:\/\/www.velcorex.fr\/nos-engagements\/"},"modified":"2021-11-03T18:18:26","modified_gmt":"2021-11-03T17:18:26","slug":"unsere-verpflichtungen","status":"publish","type":"page","link":"https:\/\/www.velcorex.fr\/de\/unsere-verpflichtungen\/","title":{"rendered":"Unsere Verpflichtungen"},"content":{"rendered":"\n<p class=\"intro\">Vom Umweltschutz sehr besorgt, setzen wir alle Mittel ein um die Emissionen von CO<sub><sub>2<\/sub> <\/sub>zu reduzieren und unsere Abf\u00e4lle wiederzuverwerten. Wir achten besonders auf die R\u00fcck-verfolgbarkeit unsere Stoffe und verlangen von unseren Lieferanten dass sie\u00a0 unsere menschliche, soziale und \u00a0\u00f6kologischen Werte garantieren. Die Abw\u00e4sser des Betriebes werden in unserer eigenen Kl\u00e4ranlage aufbereitet. Um die negativen Einfl\u00fcsse von\u00a0 \u201cfast Fashion\u201d auf die Umwelt zu reduzieren, entwickeln wir dauerhafte und qualitativ hochwertige Stoffe mit nat\u00fcrlichem Material die aus einer nachvollziehbaren, \u00f6kologischen Landwirtschaft stammt. For an ethic and substainable world, ist das Ziel.<\/p>\n\n\n\n<div class=\"wp-block-group alignfull bg-beige\"><div class=\"wp-block-group__inner-container is-layout-flow wp-block-group-is-layout-flow\">\n<div class=\"wp-block-columns are-vertically-aligned-center is-layout-flex wp-container-core-columns-is-layout-9d6595d7 wp-block-columns-is-layout-flex\">\n<div class=\"wp-block-column is-vertically-aligned-center is-layout-flow wp-block-column-is-layout-flow\">\n<h2 class=\"wp-block-heading\">Eine bleibende nachhaltige Produktion<\/h2>\n\n\n\n<h3 class=\"wp-block-heading\">Die Zukunft f\u00fcr Velcorex\u00a0: R\u00fcckverfolgbarkeit, N\u00e4he, Ethik<\/h3>\n\n\n\n<p>Trotz der jahrelangen Delokalisierung des europ\u00e4ischen Know-Hows, produzieren wir immer mehr Stoffe in Europa und arbeiten Hand in Hand mit den Webereien.<\/p>\n\n\n\n<p>Weil wir die Umwelt sch\u00fctzen und humanit\u00e4re Ethik f\u00f6rdern wollen, arbeiten wir u.a mit der\u00a0\u00ab\u00a0 Better Cotton Initiative BCI\u00a0\u00bb<\/p>\n\n\n\n<p>Im Bewusstsein dass die Textilindustrie einen gro\u00dfen Einfluss auf die Umwelt hat, bevorzugen wir einen leichten CO2 Abdruck und versuchen unsere Stoffen in Europa zu entwickeln und zu produzieren. Seit 2019 teilen wir diese Ma\u00dfnahmen mit dem Schwesterbetrieb Emmanuel Lang um die Leinenproduktion in Frankreich zu rehabilitieren.<\/p>\n<\/div>\n\n\n\n<div class=\"wp-block-column is-vertically-aligned-center is-layout-flow wp-block-column-is-layout-flow\">\n<figure class=\"wp-block-image size-page tissage right\"><img loading=\"lazy\" decoding=\"async\" width=\"820\" height=\"630\" src=\"https:\/\/www.velcorex.fr\/wp-content\/uploads\/2021\/04\/verification-820x630.jpg\" alt=\"\" class=\"wp-image-567\"\/><\/figure>\n<\/div>\n<\/div>\n<\/div><\/div>\n\n\n\n<div class=\"wp-block-group alignfull\"><div class=\"wp-block-group__inner-container is-layout-flow wp-block-group-is-layout-flow\">\n<div class=\"wp-block-columns are-vertically-aligned-center is-layout-flex wp-container-core-columns-is-layout-9d6595d7 wp-block-columns-is-layout-flex\">\n<div class=\"wp-block-column is-vertically-aligned-center is-layout-flow wp-block-column-is-layout-flow\">\n<figure class=\"wp-block-image size-page tissage\"><img loading=\"lazy\" decoding=\"async\" width=\"820\" height=\"630\" src=\"https:\/\/www.velcorex.fr\/wp-content\/uploads\/2021\/04\/circulaire-820x630.jpg\" alt=\"\" class=\"wp-image-569\"\/><\/figure>\n<\/div>\n\n\n\n<div class=\"wp-block-column is-vertically-aligned-center is-layout-flow wp-block-column-is-layout-flow\">\n<h2 class=\"wp-block-heading\">Eine kreisf\u00f6rmige Wirtschaft<\/h2>\n\n\n\n<h3 class=\"wp-block-heading\">Bewertung der Abf\u00e4lle\u00a0: verarbeiten, wiederverwerten, wiederben\u00fctzen<\/h3>\n\n\n\n<p>Alle unsere Abf\u00e4lle werden in Lokalbetriebe wiederverwertet. Mit der eigenen Wasser-aufbereitungsanlage k\u00f6nnen wir Abwasser , das bei der F\u00e4rbung entsteht selbst verarbeiten.<\/p>\n\n\n\n<p>Die Textilabf\u00e4lle werden in Belgien verarbeitet. Der Betrieb produziert Isolierstoffe. Die unverkaufte Ware wird den Wiederverk\u00e4ufern angeboten.<\/p>\n\n\n\n<p>W\u00e4hrend der Veredlung des Stoffes wird der Faserstaub aufgesaugt und wiederverwertet so wie alle Kartons, Plastikgegenst\u00e4nde und Chemikalien.<\/p>\n\n\n\n<p>Die Holtz paletten, die im Transport benutz werden, werden in einem \u00f6rtlichen Betrieb in Brennholz und Sperrholz verarbeitet.<\/p>\n<\/div>\n<\/div>\n<\/div><\/div>\n\n\n\n<p><\/p>\n\n\n\n<figure class=\"wp-block-embed alignfull is-type-video is-provider-vimeo wp-block-embed-vimeo wp-embed-aspect-16-9 wp-has-aspect-ratio\"><div class=\"wp-block-embed__wrapper\">\n<iframe loading=\"lazy\" title=\"Chaque geste compte\" src=\"https:\/\/player.vimeo.com\/video\/544628797?dnt=1&amp;app_id=122963\" width=\"640\" height=\"360\" frameborder=\"0\" allow=\"autoplay; fullscreen; picture-in-picture; clipboard-write\"><\/iframe>\n<\/div><\/figure>\n\n\n\n<div class=\"wp-block-group alignfull bg-beige\"><div class=\"wp-block-group__inner-container is-layout-flow wp-block-group-is-layout-flow\">\n<h3 class=\"alignwide has-text-align-center wp-block-heading\">Jede Geste z\u00e4hlt<\/h3>\n\n\n\n<p class=\"has-text-align-center\">Wir haben ein 360\u00b0 Projekt gestartet dass jede Produktionsphase betrifft.<\/p>\n<\/div><\/div>\n\n\n\n<p><\/p>\n\n\n\n<div class=\"wp-block-group\"><div class=\"wp-block-group__inner-container is-layout-flow wp-block-group-is-layout-flow\">\n<div class=\"wp-block-columns is-layout-flex wp-container-core-columns-is-layout-9d6595d7 wp-block-columns-is-layout-flex\">\n<div class=\"wp-block-column is-layout-flow wp-block-column-is-layout-flow\">\n<figure class=\"wp-block-image size-large\"><img loading=\"lazy\" decoding=\"async\" width=\"300\" height=\"200\" src=\"https:\/\/www.velcorex.fr\/wp-content\/uploads\/2021\/05\/label-oeko.jpg\" alt=\"\" class=\"wp-image-1177\"\/><\/figure>\n\n\n\n<h4 class=\"wp-block-heading\">OEKO-TEX<\/h4>\n\n\n\n<p>Le STANDARD 100 by OEKO-TEX\u00ae est un syst\u00e8me d\u2019essais et de certification uniformis\u00e9 \u00e0 l\u2019\u00e9chelle mondiale pour tous les produits textiles \u00e0 toutes les \u00e9tapes de traitement ainsi que pour tous les mat\u00e9riaux accessoires. Il permet de garantir l\u2019absence de substances nocives pour la sant\u00e9<br>dans les produits textiles.<\/p>\n\n\n\n<p><strong><a href=\"https:\/\/www.oeko-tex.com\/en\/our-standards\/standard-100-by-oeko-tex\" data-type=\"URL\" data-id=\"https:\/\/www.oeko-tex.com\/en\/our-standards\/standard-100-by-oeko-tex\" target=\"_blank\" rel=\"noreferrer noopener\">Visiter le site<\/a><\/strong><\/p>\n<\/div>\n\n\n\n<div class=\"wp-block-column is-layout-flow wp-block-column-is-layout-flow\">\n<figure class=\"wp-block-image size-large\"><img loading=\"lazy\" decoding=\"async\" width=\"300\" height=\"200\" src=\"https:\/\/www.velcorex.fr\/wp-content\/uploads\/2021\/05\/label-textilealsace.jpg\" alt=\"\" class=\"wp-image-1180\"\/><\/figure>\n\n\n\n<h4 class=\"wp-block-heading\">Alsace terre textile<\/h4>\n\n\n\n<p>Assure une fabrication locale, dans la tradition et dans le respect environnemental, social et \u00e9cologique induit par une fabrication fran\u00e7aise.<\/p>\n\n\n\n<p><strong><a href=\"http:\/\/www.alsaceterretextile.fr\/\" data-type=\"URL\" data-id=\"http:\/\/www.alsaceterretextile.fr\/\" target=\"_blank\" rel=\"noreferrer noopener\">Visiter le site<\/a><\/strong><\/p>\n<\/div>\n\n\n\n<div class=\"wp-block-column is-layout-flow wp-block-column-is-layout-flow\">\n<figure class=\"wp-block-image size-large\"><img loading=\"lazy\" decoding=\"async\" width=\"300\" height=\"200\" src=\"https:\/\/www.velcorex.fr\/wp-content\/uploads\/2021\/05\/label-BCI.jpg\" alt=\"\" class=\"wp-image-1173\"\/><\/figure>\n\n\n\n<h4 class=\"wp-block-heading\">Better Cotton Initiative<\/h4>\n\n\n\n<p>L\u2019initiative Better Cotton a pour objectif de rendre la production mondiale de coton meilleure pour les personnes qui la produisent, pour l\u2019environnement dans lequel elle se d\u00e9veloppe et pour l\u2019avenir du secteur, en d\u00e9veloppant le Better Cotton en tant que produit de base durable. Le certificat BCI assure l\u2019utilisation d\u2019un coton \u00e9thique et durable et en garantit la tra\u00e7abilit\u00e9.<\/p>\n\n\n\n<p><a href=\"https:\/\/bettercotton.org\/\" data-type=\"URL\" data-id=\"https:\/\/bettercotton.org\/\" target=\"_blank\" rel=\"noreferrer noopener\"><strong>Visiter le site<\/strong><\/a><\/p>\n<\/div>\n\n\n\n<div class=\"wp-block-column is-layout-flow wp-block-column-is-layout-flow\">\n<figure class=\"wp-block-image size-large\"><img loading=\"lazy\" decoding=\"async\" width=\"300\" height=\"200\" src=\"https:\/\/www.velcorex.fr\/wp-content\/uploads\/2021\/05\/label-gots.jpg\" alt=\"\" class=\"wp-image-1175\"\/><\/figure>\n\n\n\n<h4 class=\"wp-block-heading\">Global Organic Textile Standards<\/h4>\n\n\n\n<p>Le r\u00e9f\u00e9rentiel sur les textiles biologiques GOTS est reconnu comme une r\u00e9f\u00e9rence mondiale pour les textiles fabriqu\u00e9s \u00e0 partir de fibres biologiques. Il d\u00e9finit des crit\u00e8res environnementaux de haut niveau tout au long de la chaine d\u2019approvisionnement des textiles biologiques et requiert \u00e9galement le respect de crit\u00e8res sociaux.<\/p>\n\n\n\n<p><strong><a href=\"https:\/\/global-standard.org\/\" data-type=\"URL\" data-id=\"https:\/\/global-standard.org\/\" target=\"_blank\" rel=\"noreferrer noopener\">Visiter le site<\/a><\/strong><\/p>\n<\/div>\n<\/div>\n\n\n\n<div class=\"wp-block-columns is-layout-flex wp-container-core-columns-is-layout-9d6595d7 wp-block-columns-is-layout-flex\">\n<div class=\"wp-block-column is-layout-flow wp-block-column-is-layout-flow\">\n<figure class=\"wp-block-image size-large\"><img loading=\"lazy\" decoding=\"async\" width=\"300\" height=\"200\" src=\"https:\/\/www.velcorex.fr\/wp-content\/uploads\/2021\/05\/label-organic100.jpg\" alt=\"\" class=\"wp-image-1178\"\/><\/figure>\n\n\n\n<h4 class=\"wp-block-heading\">Organic Content Standard<\/h4>\n\n\n\n<p>La certification OCS garanti la pr\u00e9sence<br>de fibres certifi\u00e9es biologiques dans un produit fini. Il instaure une tra\u00e7abilit\u00e9 transparente<br>et sans limite de la source au produit fini ainsi qu\u2019un contr\u00f4le par un organisme accr\u00e9dit\u00e9.<\/p>\n\n\n\n<p><strong><a href=\"https:\/\/www.ecocert.com\/fr-FR\/certification\/textile-biologique-ocs\" data-type=\"URL\" data-id=\"https:\/\/www.ecocert.com\/fr-FR\/certification\/textile-biologique-ocs\" target=\"_blank\" rel=\"noreferrer noopener\">Visiter le site<\/a><\/strong><\/p>\n<\/div>\n\n\n\n<div class=\"wp-block-column is-layout-flow wp-block-column-is-layout-flow\">\n<figure class=\"wp-block-image size-large\"><img loading=\"lazy\" decoding=\"async\" width=\"300\" height=\"200\" src=\"https:\/\/www.velcorex.fr\/wp-content\/uploads\/2021\/05\/label-reach.jpg\" alt=\"\" class=\"wp-image-1179\"\/><\/figure>\n\n\n\n<h4 class=\"wp-block-heading\">REACH<\/h4>\n\n\n\n<p>REACH est un r\u00e8glement de l\u2019Union europ\u00e9enne adopt\u00e9 pour mieux prot\u00e9ger la sant\u00e9 humaine et l\u2019environnement contre les risques li\u00e9s aux substances chimiques. Le label REACH contr\u00f4le l\u2019utilisation des substances chimiques et garantit l\u2019absence de substances nocives pour la sant\u00e9 et l\u2019environnement dans les produits textiles.<\/p>\n\n\n\n<p><strong><a href=\"https:\/\/www.ecologie.gouv.fr\/reglementation-reach\" data-type=\"URL\" data-id=\"https:\/\/www.ecologie.gouv.fr\/reglementation-reach\" target=\"_blank\" rel=\"noreferrer noopener\">Visiter le site<\/a><\/strong><\/p>\n<\/div>\n\n\n\n<div class=\"wp-block-column is-layout-flow wp-block-column-is-layout-flow\">\n<figure class=\"wp-block-image size-large\"><img loading=\"lazy\" decoding=\"async\" width=\"300\" height=\"200\" src=\"https:\/\/www.velcorex.fr\/wp-content\/uploads\/2021\/05\/label-earthcolors.jpg\" alt=\"\" class=\"wp-image-1174\"\/><\/figure>\n\n\n\n<h4 class=\"wp-block-heading\">Earthcolors<\/h4>\n\n\n\n<p>La technologie Earthcolors d\u2019Archroma cr\u00e9e<br>des colorants biosynth\u00e9tiques enti\u00e8rement tra\u00e7ables \u00e0 partir de d\u00e9chets naturels<br>de l\u2019agriculture et des plantes m\u00e9dicinales, laissant ainsi la partie comestible disponible pour la consommation alimentaire. Il s\u2019agit<br>d\u2019un proc\u00e9d\u00e9 de teinture \u00e9cologique et naturel, sans aucun risque pour la sant\u00e9 et respectueux de l\u2019environnement.<\/p>\n\n\n\n<p><strong><a href=\"https:\/\/www.archroma.com\/innovations\/earth-colors-by-archroma\" data-type=\"URL\" data-id=\"https:\/\/www.archroma.com\/innovations\/earth-colors-by-archroma\" target=\"_blank\" rel=\"noreferrer noopener\">Visiter le site<\/a><a rel=\"noreferrer noopener\" href=\"https:\/\/bettercotton.org\/\" data-type=\"URL\" data-id=\"https:\/\/bettercotton.org\/\" target=\"_blank\"><\/a><\/strong><\/p>\n<\/div>\n\n\n\n<div class=\"wp-block-column is-layout-flow wp-block-column-is-layout-flow\">\n<figure class=\"wp-block-image size-large\"><img loading=\"lazy\" decoding=\"async\" width=\"300\" height=\"200\" src=\"https:\/\/www.velcorex.fr\/wp-content\/uploads\/2021\/05\/label-objectif.jpg\" alt=\"\" class=\"wp-image-1176\"\/><\/figure>\n\n\n\n<h4 class=\"wp-block-heading\">Objectif d\u00e9veloppement<br>durable<\/h4>\n\n\n\n<p>Nous soutenons et appliquons les actions propos\u00e9es par les Nations Unies dans le cadre du projet Objectifs Developpement Durable.<\/p>\n\n\n\n<p><strong><a href=\"https:\/\/www.un.org\/sustainabledevelopment\/fr\/\" data-type=\"URL\" data-id=\"https:\/\/www.un.org\/sustainabledevelopment\/fr\/\" target=\"_blank\" rel=\"noreferrer noopener\">Visiter le site<\/a><\/strong><\/p>\n<\/div>\n<\/div>\n<\/div><\/div>\n\n\n\n<p><\/p>\n","protected":false},"excerpt":{"rendered":"<p>Vom Umweltschutz sehr besorgt, setzen wir alle Mittel ein um die Emissionen von CO2 zu reduzieren und unsere Abf\u00e4lle wiederzuverwerten. Wir achten besonders auf die R\u00fcck-verfolgbarkeit unsere Stoffe und verlangen von unseren Lieferanten dass sie\u00a0 unsere menschliche, soziale und \u00a0\u00f6kologischen Werte garantieren. Die Abw\u00e4sser des Betriebes werden in unserer eigenen Kl\u00e4ranlage aufbereitet. Um die negativen [&hellip;]<\/p>\n","protected":false},"author":1,"featured_media":0,"parent":0,"menu_order":0,"comment_status":"closed","ping_status":"closed","template":"page-entreprise.php","meta":{"_acf_changed":false,"_seopress_robots_primary_cat":"","_seopress_titles_title":"Unser Engagement f\u00fcr eine nachhaltige Produktion - Velcorex Since 1828","_seopress_titles_desc":"Vom Umweltschutz sehr besorgt, setzen wir alle Mittel ein um die Emissionen von CO2 zu reduzieren und unsere Abf\u00e4lle wiederzuverwerten. Wir achten besonders auf die R\u00fcck-verfolgbarkeit unsere Stoffe und verlangen von unseren Lieferanten dass sie\u00a0 unsere menschliche, soziale und \u00a0\u00f6kologischen Werte garantieren. Die Abw\u00e4sser des Betriebes werden in unserer eigenen Kl\u00e4ranlage aufbereitet.","_seopress_robots_index":"","advgb_blocks_editor_width":"","advgb_blocks_columns_visual_guide":"","footnotes":""},"class_list":["post-2904","page","type-page","status-publish","hentry"],"acf":[],"coauthors":[],"author_meta":{"author_link":"https:\/\/www.velcorex.fr\/de\/author\/studiowa\/","display_name":"WA!"},"relative_dates":{"created":"Ver\u00f6ffentlicht 5\u00a0Jahren vor","modified":"Aktualisiert 4\u00a0Jahren vor"},"absolute_dates":{"created":"Ver\u00f6ffentlicht am 13. April 2021","modified":"Aktualisiert am 3. November 2021"},"absolute_dates_time":{"created":"Ver\u00f6ffentlicht am 13. April 2021 10:58","modified":"Aktualisiert am 3. November 2021 18:18"},"featured_img_caption":"","featured_img":false,"series_order":"","_links":{"self":[{"href":"https:\/\/www.velcorex.fr\/de\/wp-json\/wp\/v2\/pages\/2904","targetHints":{"allow":["GET"]}}],"collection":[{"href":"https:\/\/www.velcorex.fr\/de\/wp-json\/wp\/v2\/pages"}],"about":[{"href":"https:\/\/www.velcorex.fr\/de\/wp-json\/wp\/v2\/types\/page"}],"author":[{"embeddable":true,"href":"https:\/\/www.velcorex.fr\/de\/wp-json\/wp\/v2\/users\/1"}],"replies":[{"embeddable":true,"href":"https:\/\/www.velcorex.fr\/de\/wp-json\/wp\/v2\/comments?post=2904"}],"version-history":[{"count":0,"href":"https:\/\/www.velcorex.fr\/de\/wp-json\/wp\/v2\/pages\/2904\/revisions"}],"wp:attachment":[{"href":"https:\/\/www.velcorex.fr\/de\/wp-json\/wp\/v2\/media?parent=2904"}],"curies":[{"name":"wp","href":"https:\/\/api.w.org\/{rel}","templated":true}]}}